{"id":384,"date":"2022-04-13T14:10:56","date_gmt":"2022-04-13T14:10:56","guid":{"rendered":"https:\/\/indecorseia.pt\/?page_id=384"},"modified":"2022-08-27T09:17:32","modified_gmt":"2022-08-27T09:17:32","slug":"antes-e-depois","status":"publish","type":"page","link":"https:\/\/indecorseia.pt\/?page_id=384","title":{"rendered":"DECORA\u00c7\u00c3O E MOBILI\u00c1RIO"},"content":{"rendered":"\n<h1 class=\"has-medium-font-size wp-block-heading\" style=\"font-style:normal;font-weight:200\">INTERIOR<\/h1>\n\n\n\n<div class=\"wp-block-media-text alignwide is-stacked-on-mobile\" style=\"grid-template-columns:38% auto\"><figure class=\"wp-block-media-text__media\"><a href=\"https:\/\/indecorseia.pt\/?page_id=1174\"><img loading=\"lazy\" decoding=\"async\" width=\"1024\" height=\"683\" src=\"https:\/\/indecorseia.pt\/wp-content\/uploads\/2022\/07\/cortinados-1-1024x683.png\" alt=\"\" class=\"wp-image-1156 size-full\" srcset=\"https:\/\/indecorseia.pt\/wp-content\/uploads\/2022\/07\/cortinados-1-1024x683.png 1024w, https:\/\/indecorseia.pt\/wp-content\/uploads\/2022\/07\/cortinados-1-300x200.png 300w, https:\/\/indecorseia.pt\/wp-content\/uploads\/2022\/07\/cortinados-1-768x512.png 768w, https:\/\/indecorseia.pt\/wp-content\/uploads\/2022\/07\/cortinados-1.png 1080w\" sizes=\"auto, (max-width: 706px) 89vw, (max-width: 767px) 82vw, 740px\" \/><\/a><\/figure><div class=\"wp-block-media-text__content\">\n<p style=\"font-size:15px;font-style:normal;font-weight:200\">CORTINADOS<br>Produzimos \u00e0 medida que necessita e no padr\u00e3o que mais lhe agrada. Venha visitar o nosso espa\u00e7o, onde lhe propositamos um grande leque de amostras.<\/p>\n<\/div><\/div>\n\n\n\n<div class=\"wp-block-media-text alignwide has-media-on-the-right is-stacked-on-mobile\" style=\"grid-template-columns:auto 38%\"><figure class=\"wp-block-media-text__media\"><a href=\"https:\/\/indecorseia.pt\/?p=1630\"><img loading=\"lazy\" decoding=\"async\" width=\"1024\" height=\"683\" src=\"https:\/\/indecorseia.pt\/wp-content\/uploads\/2022\/07\/estores-1024x683.png\" alt=\"\" class=\"wp-image-1157 size-full\" srcset=\"https:\/\/indecorseia.pt\/wp-content\/uploads\/2022\/07\/estores-1024x683.png 1024w, https:\/\/indecorseia.pt\/wp-content\/uploads\/2022\/07\/estores-300x200.png 300w, https:\/\/indecorseia.pt\/wp-content\/uploads\/2022\/07\/estores-768x512.png 768w, https:\/\/indecorseia.pt\/wp-content\/uploads\/2022\/07\/estores.png 1080w\" sizes=\"auto, (max-width: 706px) 89vw, (max-width: 767px) 82vw, 740px\" \/><\/a><\/figure><div class=\"wp-block-media-text__content\">\n<p style=\"font-size:15px;font-style:normal;font-weight:200\">ESTORES<br>Temos dispon\u00edvel os estores de rolo, laminados, plissados, verticais e mosquiteiros, para todo o tipo de situa\u00e7\u00e3o, lugar e gosto.<\/p>\n<\/div><\/div>\n\n\n\n<div class=\"wp-block-media-text alignwide is-stacked-on-mobile\" style=\"grid-template-columns:38% auto\"><figure class=\"wp-block-media-text__media\"><a href=\"https:\/\/indecorseia.pt\/?p=1634\"><img loading=\"lazy\" decoding=\"async\" width=\"1024\" height=\"683\" src=\"https:\/\/indecorseia.pt\/wp-content\/uploads\/2022\/07\/papel-parede-1024x683.png\" alt=\"\" class=\"wp-image-1158 size-full\" srcset=\"https:\/\/indecorseia.pt\/wp-content\/uploads\/2022\/07\/papel-parede-1024x683.png 1024w, https:\/\/indecorseia.pt\/wp-content\/uploads\/2022\/07\/papel-parede-300x200.png 300w, https:\/\/indecorseia.pt\/wp-content\/uploads\/2022\/07\/papel-parede-768x512.png 768w, https:\/\/indecorseia.pt\/wp-content\/uploads\/2022\/07\/papel-parede.png 1080w\" sizes=\"auto, (max-width: 706px) 89vw, (max-width: 767px) 82vw, 740px\" \/><\/a><\/figure><div class=\"wp-block-media-text__content\">\n<p style=\"font-size:15px;font-style:normal;font-weight:200\">PAPEL DE PAREDE<br>Uma alternativa pr\u00e1tica na hora de inovar a decora\u00e7\u00e3o , isso porque hoje em dia \u00e9 poss\u00edvel encontrar uma variedade imensa de cores, desenhos, padr\u00f5es e texturas.<\/p>\n<\/div><\/div>\n\n\n\n<div class=\"wp-block-media-text alignwide has-media-on-the-right is-stacked-on-mobile\" style=\"grid-template-columns:auto 38%\"><figure class=\"wp-block-media-text__media\"><a href=\"https:\/\/indecorseia.pt\/?p=1637\"><img loading=\"lazy\" decoding=\"async\" width=\"1024\" height=\"683\" src=\"https:\/\/indecorseia.pt\/wp-content\/uploads\/2022\/07\/tapetes-1024x683.png\" alt=\"\" class=\"wp-image-1159 size-full\" srcset=\"https:\/\/indecorseia.pt\/wp-content\/uploads\/2022\/07\/tapetes-1024x683.png 1024w, https:\/\/indecorseia.pt\/wp-content\/uploads\/2022\/07\/tapetes-300x200.png 300w, https:\/\/indecorseia.pt\/wp-content\/uploads\/2022\/07\/tapetes-768x512.png 768w, https:\/\/indecorseia.pt\/wp-content\/uploads\/2022\/07\/tapetes.png 1080w\" sizes=\"auto, (max-width: 706px) 89vw, (max-width: 767px) 82vw, 740px\" \/><\/a><\/figure><div class=\"wp-block-media-text__content\">\n<p style=\"font-size:15px;font-style:normal;font-weight:200;line-height:1.5\">TAPETES<br>Pe\u00e7a fundamental na decora\u00e7\u00e3o, o tapete \u00e9 indispens\u00e1vel para quem quer um espa\u00e7o harmonioso, confort\u00e1vel e sofisticado.  Venha pedir o seu na medida certa.<\/p>\n<\/div><\/div>\n\n\n\n<div class=\"wp-block-media-text alignwide is-stacked-on-mobile\" style=\"grid-template-columns:38% auto\"><figure class=\"wp-block-media-text__media\"><a href=\"https:\/\/indecorseia.pt\/?p=1640\"><img loading=\"lazy\" decoding=\"async\" width=\"1024\" height=\"683\" src=\"https:\/\/indecorseia.pt\/wp-content\/uploads\/2022\/07\/estofo-1024x683.png\" alt=\"\" class=\"wp-image-1161 size-full\" srcset=\"https:\/\/indecorseia.pt\/wp-content\/uploads\/2022\/07\/estofo-1024x683.png 1024w, https:\/\/indecorseia.pt\/wp-content\/uploads\/2022\/07\/estofo-300x200.png 300w, https:\/\/indecorseia.pt\/wp-content\/uploads\/2022\/07\/estofo-768x512.png 768w, https:\/\/indecorseia.pt\/wp-content\/uploads\/2022\/07\/estofo.png 1080w\" sizes=\"auto, (max-width: 706px) 89vw, (max-width: 767px) 82vw, 740px\" \/><\/a><\/figure><div class=\"wp-block-media-text__content\">\n<p style=\"font-size:15px;font-style:normal;font-weight:200;line-height:1.5\">ESTOFO<br>Os estofos s\u00e3o aconchegantes. tem o seu requinte e durabilidade. Escolha o melhor que se adapta a si.<\/p>\n<\/div><\/div>\n\n\n\n<div class=\"wp-block-media-text alignwide has-media-on-the-right is-stacked-on-mobile\" style=\"grid-template-columns:auto 38%\"><figure class=\"wp-block-media-text__media\"><a href=\"https:\/\/indecorseia.pt\/?p=1642\"><img loading=\"lazy\" decoding=\"async\" width=\"1024\" height=\"683\" src=\"https:\/\/indecorseia.pt\/wp-content\/uploads\/2022\/07\/iluminacao-1024x683.png\" alt=\"\" class=\"wp-image-1162 size-full\" srcset=\"https:\/\/indecorseia.pt\/wp-content\/uploads\/2022\/07\/iluminacao-1024x683.png 1024w, https:\/\/indecorseia.pt\/wp-content\/uploads\/2022\/07\/iluminacao-300x200.png 300w, https:\/\/indecorseia.pt\/wp-content\/uploads\/2022\/07\/iluminacao-768x512.png 768w, https:\/\/indecorseia.pt\/wp-content\/uploads\/2022\/07\/iluminacao.png 1080w\" sizes=\"auto, (max-width: 706px) 89vw, (max-width: 767px) 82vw, 740px\" \/><\/a><\/figure><div class=\"wp-block-media-text__content\">\n<p style=\"font-size:15px;font-style:normal;font-weight:200\">ILUMINA\u00c7\u00c3O<br>A melhor op\u00e7\u00e3o para que toda a sua decora\u00e7\u00e3o seja \u00fanica e especial. Temos v\u00e1rios cat\u00e1logos que pode consultar. <\/p>\n<\/div><\/div>\n\n\n\n<div class=\"wp-block-media-text alignwide is-stacked-on-mobile\" style=\"grid-template-columns:38% auto\"><figure class=\"wp-block-media-text__media\"><a href=\"https:\/\/indecorseia.pt\/?p=1644\"><img loading=\"lazy\" decoding=\"async\" width=\"1024\" height=\"683\" src=\"https:\/\/indecorseia.pt\/wp-content\/uploads\/2022\/07\/mobiliario-1024x683.png\" alt=\"\" class=\"wp-image-1163 size-full\" srcset=\"https:\/\/indecorseia.pt\/wp-content\/uploads\/2022\/07\/mobiliario-1024x683.png 1024w, https:\/\/indecorseia.pt\/wp-content\/uploads\/2022\/07\/mobiliario-300x200.png 300w, https:\/\/indecorseia.pt\/wp-content\/uploads\/2022\/07\/mobiliario-768x512.png 768w, https:\/\/indecorseia.pt\/wp-content\/uploads\/2022\/07\/mobiliario.png 1080w\" sizes=\"auto, (max-width: 706px) 89vw, (max-width: 767px) 82vw, 740px\" \/><\/a><\/figure><div class=\"wp-block-media-text__content\">\n<p style=\"font-size:15px;font-style:normal;font-weight:200\">MOBILI\u00c1RIO<br>Qualquer tipo de m\u00f3vel \u00e9 escolhido pelo cliente, o material que deseja, a cor que prefere e o formato que sonha, ainda poss\u00edvel recorrer aos nossos designs de interiores para que toda decora\u00e7\u00e3o seja a desejada.<\/p>\n<\/div><\/div>\n\n\n\n<figure class=\"wp-block-embed is-type-video is-provider-youtube wp-block-embed-youtube wp-embed-aspect-16-9 wp-has-aspect-ratio\"><div class=\"wp-block-embed__wrapper\">\n<iframe loading=\"lazy\" title=\"Decora\u00e7\u00e3o e Mobili\u00e1rio\" width=\"525\" height=\"295\" src=\"https:\/\/www.youtube.com\/embed\/JwrHA5lZJcc?feature=oembed\" frameborder=\"0\" allow=\"accelerometer; autoplay; clipboard-write; encrypted-media; gyroscope; picture-in-picture; web-share\" referrerpolicy=\"strict-origin-when-cross-origin\" allowfullscreen><\/iframe>\n<\/div><figcaption>V\u00eddeo sobre Decora\u00e7\u00e3o e Mobili\u00e1rio no interior do seu espa\u00e7o.<\/figcaption><\/figure>\n\n\n\n<h1 class=\"has-medium-font-size wp-block-heading\" style=\"font-style:normal;font-weight:200\">EXTERIOR<\/h1>\n\n\n\n<div class=\"wp-block-media-text alignwide has-media-on-the-right is-stacked-on-mobile\" style=\"grid-template-columns:auto 38%\"><figure class=\"wp-block-media-text__media\"><a href=\"https:\/\/indecorseia.pt\/?p=1916\"><img loading=\"lazy\" decoding=\"async\" width=\"1024\" height=\"683\" src=\"https:\/\/indecorseia.pt\/wp-content\/uploads\/2022\/07\/toldos-1024x683.png\" alt=\"\" class=\"wp-image-1164 size-full\" srcset=\"https:\/\/indecorseia.pt\/wp-content\/uploads\/2022\/07\/toldos-1024x683.png 1024w, https:\/\/indecorseia.pt\/wp-content\/uploads\/2022\/07\/toldos-300x200.png 300w, https:\/\/indecorseia.pt\/wp-content\/uploads\/2022\/07\/toldos-768x512.png 768w, https:\/\/indecorseia.pt\/wp-content\/uploads\/2022\/07\/toldos.png 1080w\" sizes=\"auto, (max-width: 706px) 89vw, (max-width: 767px) 82vw, 740px\" \/><\/a><\/figure><div class=\"wp-block-media-text__content\">\n<p style=\"font-size:15px;font-style:normal;font-weight:200\">TOLDOS: <br>Proporcionam uma prote\u00e7\u00e3o solar e uma transforma\u00e7\u00e3o elegante e diferenciada quando s\u00e3o anexados a um espa\u00e7o. Voc\u00ea ainda tem a op\u00e7\u00e3o de coordenar as cores e tecidos, criando uma decora\u00e7\u00e3o ainda mais requintada.<\/p>\n<\/div><\/div>\n\n\n\n<div class=\"wp-block-media-text alignwide is-stacked-on-mobile\" style=\"grid-template-columns:38% auto\"><figure class=\"wp-block-media-text__media\"><a href=\"https:\/\/indecorseia.pt\/?p=1929\"><img loading=\"lazy\" decoding=\"async\" width=\"1024\" height=\"683\" src=\"https:\/\/indecorseia.pt\/wp-content\/uploads\/2022\/07\/pergolas-1024x683.png\" alt=\"\" class=\"wp-image-1165 size-full\" srcset=\"https:\/\/indecorseia.pt\/wp-content\/uploads\/2022\/07\/pergolas-1024x683.png 1024w, https:\/\/indecorseia.pt\/wp-content\/uploads\/2022\/07\/pergolas-300x200.png 300w, https:\/\/indecorseia.pt\/wp-content\/uploads\/2022\/07\/pergolas-768x512.png 768w, https:\/\/indecorseia.pt\/wp-content\/uploads\/2022\/07\/pergolas.png 1080w\" sizes=\"auto, (max-width: 706px) 89vw, (max-width: 767px) 82vw, 740px\" \/><\/a><\/figure><div class=\"wp-block-media-text__content\">\n<p style=\"font-size:15px;font-style:normal;font-weight:200\">PERGOLAS<br>O principal objetivo de uma pergola \u00e9 fornecer uma \u00e1rea de sombra para que as pessoas possam desfrutar de bons momentos ao ar livre.<\/p>\n<\/div><\/div>\n\n\n\n<div class=\"wp-block-media-text alignwide has-media-on-the-right is-stacked-on-mobile\" style=\"grid-template-columns:auto 38%\"><figure class=\"wp-block-media-text__media\"><a href=\"https:\/\/indecorseia.pt\/?p=2194\"><img loading=\"lazy\" decoding=\"async\" width=\"1024\" height=\"683\" src=\"https:\/\/indecorseia.pt\/wp-content\/uploads\/2022\/07\/montagem-1-1024x683.png\" alt=\"\" class=\"wp-image-1166 size-full\" srcset=\"https:\/\/indecorseia.pt\/wp-content\/uploads\/2022\/07\/montagem-1-1024x683.png 1024w, https:\/\/indecorseia.pt\/wp-content\/uploads\/2022\/07\/montagem-1-300x200.png 300w, https:\/\/indecorseia.pt\/wp-content\/uploads\/2022\/07\/montagem-1-768x512.png 768w, https:\/\/indecorseia.pt\/wp-content\/uploads\/2022\/07\/montagem-1.png 1080w\" sizes=\"auto, (max-width: 706px) 89vw, (max-width: 767px) 82vw, 740px\" \/><\/a><\/figure><div class=\"wp-block-media-text__content\">\n<p style=\"font-size:15px;font-style:normal;font-weight:200\">BRISAS SOLARES<br>Permitirem maior controlo de luminosidade sendo indicados para ambientes com alta incid\u00eancia de raios solares, pois estes contem uma prote\u00e7\u00e3o t\u00e9rmica. Os mosqueteiros t\u00eam a fun\u00e7\u00e3o de proteger o seu espa\u00e7o de qualquer tipo de insetos mas especialmente contra melgas, mosquitos e moscas<\/p>\n<\/div><\/div>\n\n\n\n<div class=\"wp-block-media-text alignwide is-stacked-on-mobile\" style=\"grid-template-columns:38% auto\"><figure class=\"wp-block-media-text__media\"><a href=\"https:\/\/indecorseia.pt\/?p=2126\"><img loading=\"lazy\" decoding=\"async\" width=\"1024\" height=\"683\" src=\"https:\/\/indecorseia.pt\/wp-content\/uploads\/2022\/07\/3175_fixos-2-1024x683.jpg\" alt=\"\" class=\"wp-image-1628 size-full\" srcset=\"https:\/\/indecorseia.pt\/wp-content\/uploads\/2022\/07\/3175_fixos-2-1024x683.jpg 1024w, https:\/\/indecorseia.pt\/wp-content\/uploads\/2022\/07\/3175_fixos-2-300x200.jpg 300w, https:\/\/indecorseia.pt\/wp-content\/uploads\/2022\/07\/3175_fixos-2-768x512.jpg 768w, https:\/\/indecorseia.pt\/wp-content\/uploads\/2022\/07\/3175_fixos-2-1536x1024.jpg 1536w, https:\/\/indecorseia.pt\/wp-content\/uploads\/2022\/07\/3175_fixos-2-2048x1365.jpg 2048w\" sizes=\"auto, (max-width: 706px) 89vw, (max-width: 767px) 82vw, 740px\" \/><\/a><\/figure><div class=\"wp-block-media-text__content\">\n<p style=\"font-size:15px;font-style:normal;font-weight:200\">MOSQUITEIROS<br>Os mosqueteiros t\u00eam a fun\u00e7\u00e3o de proteger o seu espa\u00e7o de qualquer tipo de insetos mas especialmente contra melgas, mosquitos e moscas<\/p>\n<\/div><\/div>\n\n\n\n<div class=\"wp-block-media-text alignwide has-media-on-the-right is-stacked-on-mobile\" style=\"grid-template-columns:auto 40%\"><figure class=\"wp-block-media-text__media\"><a href=\"https:\/\/indecorseia.pt\/?page_id=1864\"><img loading=\"lazy\" decoding=\"async\" width=\"1024\" height=\"683\" src=\"https:\/\/indecorseia.pt\/wp-content\/uploads\/2022\/07\/jardins-1024x683.png\" alt=\"\" class=\"wp-image-1167 size-full\" srcset=\"https:\/\/indecorseia.pt\/wp-content\/uploads\/2022\/07\/jardins-1024x683.png 1024w, https:\/\/indecorseia.pt\/wp-content\/uploads\/2022\/07\/jardins-300x200.png 300w, https:\/\/indecorseia.pt\/wp-content\/uploads\/2022\/07\/jardins-768x512.png 768w, https:\/\/indecorseia.pt\/wp-content\/uploads\/2022\/07\/jardins.png 1080w\" sizes=\"auto, (max-width: 706px) 89vw, (max-width: 767px) 82vw, 740px\" \/><\/a><\/figure><div class=\"wp-block-media-text__content\">\n<p style=\"font-size:15px;font-style:normal;font-weight:200\">JARDINS<br>Renove o seu jardim por completo e apresentarem-nos o seu espa\u00e7o. Melhore o seu cantinho, para se sentir mais confort\u00e1vel e descansado junto da sua fam\u00edlia.<\/p>\n<\/div><\/div>\n\n\n\n<figure class=\"wp-block-embed is-type-video is-provider-youtube wp-block-embed-youtube wp-embed-aspect-16-9 wp-has-aspect-ratio\"><div class=\"wp-block-embed__wrapper\">\n<iframe loading=\"lazy\" title=\"Decora\u00e7\u00e3o Exterior\" width=\"525\" height=\"295\" src=\"https:\/\/www.youtube.com\/embed\/PeLP7ZG42do?feature=oembed\" frameborder=\"0\" allow=\"accelerometer; autoplay; clipboard-write; encrypted-media; gyroscope; picture-in-picture; web-share\" referrerpolicy=\"strict-origin-when-cross-origin\" allowfullscreen><\/iframe>\n<\/div><figcaption>V\u00eddeo sobre a Decora\u00e7\u00e3o no exterior.<\/figcaption><\/figure>\n\n\n\n<div class=\"wp-block-buttons is-layout-flex wp-block-buttons-is-layout-flex\">\n<div class=\"wp-block-button is-style-outline is-style-outline--1\"><a class=\"wp-block-button__link\" href=\"https:\/\/indecorseia.pt\/\">Voltar<\/a><\/div>\n<\/div>\n","protected":false},"excerpt":{"rendered":"<p>INTERIOR CORTINADOSProduzimos \u00e0 medida que necessita e no padr\u00e3o que mais lhe agrada. Venha visitar o nosso espa\u00e7o, onde lhe propositamos um grande leque de amostras. ESTORESTemos dispon\u00edvel os estores de rolo, laminados, plissados, verticais e mosquiteiros, para todo o tipo de situa\u00e7\u00e3o, lugar e gosto. PAPEL DE PAREDEUma alternativa pr\u00e1tica na hora de inovar &hellip; <\/p>\n<p class=\"link-more\"><a href=\"https:\/\/indecorseia.pt\/?page_id=384\" class=\"more-link\">Continuar a ler <span class=\"screen-reader-text\">&#8220;DECORA\u00c7\u00c3O E MOBILI\u00c1RIO&#8221;<\/span><\/a><\/p>\n","protected":false},"author":4,"featured_media":0,"parent":0,"menu_order":0,"comment_status":"closed","ping_status":"closed","template":"","meta":{"ngg_post_thumbnail":0,"footnotes":""},"class_list":["post-384","page","type-page","status-publish","hentry"],"_links":{"self":[{"href":"https:\/\/indecorseia.pt\/index.php?rest_route=\/wp\/v2\/pages\/384","targetHints":{"allow":["GET"]}}],"collection":[{"href":"https:\/\/indecorseia.pt\/index.php?rest_route=\/wp\/v2\/pages"}],"about":[{"href":"https:\/\/indecorseia.pt\/index.php?rest_route=\/wp\/v2\/types\/page"}],"author":[{"embeddable":true,"href":"https:\/\/indecorseia.pt\/index.php?rest_route=\/wp\/v2\/users\/4"}],"replies":[{"embeddable":true,"href":"https:\/\/indecorseia.pt\/index.php?rest_route=%2Fwp%2Fv2%2Fcomments&post=384"}],"version-history":[{"count":58,"href":"https:\/\/indecorseia.pt\/index.php?rest_route=\/wp\/v2\/pages\/384\/revisions"}],"predecessor-version":[{"id":2732,"href":"https:\/\/indecorseia.pt\/index.php?rest_route=\/wp\/v2\/pages\/384\/revisions\/2732"}],"wp:attachment":[{"href":"https:\/\/indecorseia.pt\/index.php?rest_route=%2Fwp%2Fv2%2Fmedia&parent=384"}],"curies":[{"name":"wp","href":"https:\/\/api.w.org\/{rel}","templated":true}]}}