{"id":7,"date":"2022-03-30T14:50:42","date_gmt":"2022-03-30T14:50:42","guid":{"rendered":"https:\/\/joao.ovh\/websites\/wordpress\/?page_id=7"},"modified":"2022-08-27T09:19:21","modified_gmt":"2022-08-27T09:19:21","slug":"sobre","status":"publish","type":"page","link":"https:\/\/indecorseia.pt\/?page_id=7","title":{"rendered":"SOBRE N\u00d3S"},"content":{"rendered":"\n<h1 class=\"wp-block-heading\" style=\"font-size:28px;font-style:normal;font-weight:200\">A NOSSA HIST\u00d3RIA<\/h1>\n\n\n\n<div style=\"height:63px\" aria-hidden=\"true\" class=\"wp-block-spacer\"><\/div>\n\n\n\n<figure class=\"wp-block-image\"><img loading=\"lazy\" decoding=\"async\" width=\"1024\" height=\"768\" src=\"https:\/\/indecorseia.pt\/wp-content\/uploads\/2022\/04\/20220329_152850-1024x768.jpg\" alt=\"\" class=\"wp-image-77\" srcset=\"https:\/\/indecorseia.pt\/wp-content\/uploads\/2022\/04\/20220329_152850-1024x768.jpg 1024w, https:\/\/indecorseia.pt\/wp-content\/uploads\/2022\/04\/20220329_152850-300x225.jpg 300w, https:\/\/indecorseia.pt\/wp-content\/uploads\/2022\/04\/20220329_152850-768x576.jpg 768w, https:\/\/indecorseia.pt\/wp-content\/uploads\/2022\/04\/20220329_152850-1536x1152.jpg 1536w, https:\/\/indecorseia.pt\/wp-content\/uploads\/2022\/04\/20220329_152850-2048x1536.jpg 2048w\" sizes=\"auto, (max-width: 706px) 89vw, (max-width: 767px) 82vw, 740px\" \/><\/figure>\n\n\n\n<div style=\"height:63px\" aria-hidden=\"true\" class=\"wp-block-spacer\"><\/div>\n\n\n\n<p style=\"font-size:15px;font-style:normal;font-weight:200\">Indecor surgiu em 2006 sendo uma empresa dedicada \u00e0 decora\u00e7\u00e3o de interiores e exteriores, com o objetivo de satisfazer todos os clientes.<\/p>\n\n\n\n<p style=\"font-size:15px;font-style:normal;font-weight:200\">Desde do ano de 1986 que somos especializados em decora\u00e7\u00e3o de interiores e exteriores. Somos uma equipa se mant\u00e9m unida e dedicada para efetuar todas as ideias que surgem no dia-a-dia. Para as execu\u00e7\u00f5es destes trabalhos, os ideais que seguimos s\u00e3o o visitar do espa\u00e7o a decorar, o contacto com o cliente, ouvindo-o sempre com objetivo de ajudar e conhecer as suas necessidades e gostos. Trabalhamos com os melhores materiais, temos o nosso pr\u00f3prio fabrico e somos muito rigorosos com os prazos de execu\u00e7\u00e3o para que tudo corra bem e satisfa\u00e7a o cliente. Ainda disponibilizamos v\u00e1rios projetos, para que tenha uma perce\u00e7\u00e3o real de como ir\u00e1 ficar o seu projeto final.<\/p>\n\n\n\n<p style=\"font-size:15px;font-style:normal;font-weight:200\">A nossa loja cont\u00e9m dois pisos distintos sendo que no&nbsp; r\u00e9s do ch\u00e3o tem a parte de fabrico e no 1\u00ba andar o nosso showroom, onde pode encontrar expostos diversos ambientes de interior e in\u00fameras amostras que poder\u00e1 consultar a que melhor se adequa aos seus gostos.<\/p>\n\n\n\n<div style=\"height:63px\" aria-hidden=\"true\" class=\"wp-block-spacer\"><\/div>\n\n\n\n<figure class=\"wp-block-table is-style-regular\" style=\"font-style:normal;font-weight:200\"><table class=\"has-fixed-layout\"><tbody><tr><td class=\"has-text-align-center\" data-align=\"center\"><img decoding=\"async\" src=\"https:\/\/joao.ovh\/websites\/wordpress\/wp-content\/uploads\/2022\/07\/image-22.png\" alt=\"\"><\/td><td class=\"has-text-align-center\" data-align=\"center\"><img loading=\"lazy\" decoding=\"async\" src=\"https:\/\/joao.ovh\/websites\/wordpress\/wp-content\/uploads\/2022\/07\/image-23.png\" alt=\"\" width=\"42\" height=\"42\"><\/td><td class=\"has-text-align-center\" data-align=\"center\"><img decoding=\"async\" src=\"https:\/\/joao.ovh\/websites\/wordpress\/wp-content\/uploads\/2022\/07\/image-24.png\" alt=\"\"><\/td><\/tr><tr><td class=\"has-text-align-center\" data-align=\"center\"><br><br>EFICI\u00caNCIA<br><br><\/td><td class=\"has-text-align-center\" data-align=\"center\">COMPROMISSO<\/td><td class=\"has-text-align-center\" data-align=\"center\">EXPERI\u00caNCIA<\/td><\/tr><tr><td class=\"has-text-align-center\" data-align=\"center\">Todo o nosso trabalho se reflete na nossa r\u00e1pida e efic\u00e1cia&nbsp;resposta ao projeto do nosso cliente.<\/td><td class=\"has-text-align-center\" data-align=\"center\">O nosso&nbsp;lema principal \u00e9 o&nbsp;compromisso com o nosso cliente desde primeiro contato,&nbsp;pois s\u00f3 assim com trabalho e muita dedica\u00e7\u00e3o poderemos dar asas ao nosso projeto.<\/td><td class=\"has-text-align-center\" data-align=\"center\">N\u00e3o se pode criar experiencia. \u00c9 preciso passar por ela.<\/td><\/tr><\/tbody><\/table><\/figure>\n\n\n\n<div class=\"wp-block-cover alignfull is-light\" style=\"min-height:1194px;aspect-ratio:unset;\"><span aria-hidden=\"true\" class=\"wp-block-cover__background has-nv-text-dark-bg-background-color has-background-dim-100 has-background-dim\"><\/span><div class=\"wp-block-cover__inner-container is-layout-flow wp-block-cover-is-layout-flow\">\n<div style=\"height:64px\" aria-hidden=\"true\" class=\"wp-block-spacer\"><\/div>\n\n\n\n<h1 class=\"has-text-align-center has-white-color has-text-color wp-block-heading\" style=\"font-style:normal;font-weight:200\">A FELICIDADE DOS NOSSOS CLIENTES<\/h1>\n\n\n\n<figure class=\"wp-block-embed is-type-video is-provider-youtube wp-block-embed-youtube wp-embed-aspect-16-9 wp-has-aspect-ratio\"><div class=\"wp-block-embed__wrapper\">\n<iframe loading=\"lazy\" title=\"Opini\u00e3o dos Clientes\" width=\"525\" height=\"295\" src=\"https:\/\/www.youtube.com\/embed\/-pWtwQHhhwk?feature=oembed\" frameborder=\"0\" allow=\"accelerometer; autoplay; clipboard-write; encrypted-media; gyroscope; picture-in-picture; web-share\" referrerpolicy=\"strict-origin-when-cross-origin\" allowfullscreen><\/iframe>\n<\/div><\/figure>\n\n\n\n<h2 class=\"has-text-align-center has-white-color has-text-color has-medium-font-size wp-block-heading\"><mark style=\"background-color:rgba(0, 0, 0, 0)\" class=\"has-inline-color has-neve-link-color-color\">A Nossa Equipa<\/mark><\/h2>\n\n\n\n<div class=\"wp-block-columns is-layout-flex wp-container-core-columns-is-layout-9d6595d7 wp-block-columns-is-layout-flex\">\n<div class=\"wp-block-column is-layout-flow wp-block-column-is-layout-flow\"><div class=\"wp-block-image\">\n<figure class=\"aligncenter size-full\"><img loading=\"lazy\" decoding=\"async\" width=\"400\" height=\"400\" src=\"https:\/\/indecorseia.pt\/wp-content\/uploads\/2022\/04\/Untitled-2.jpg\" alt=\"\" class=\"wp-image-671\" srcset=\"https:\/\/indecorseia.pt\/wp-content\/uploads\/2022\/04\/Untitled-2.jpg 400w, https:\/\/indecorseia.pt\/wp-content\/uploads\/2022\/04\/Untitled-2-300x300.jpg 300w, https:\/\/indecorseia.pt\/wp-content\/uploads\/2022\/04\/Untitled-2-150x150.jpg 150w\" sizes=\"auto, (max-width: 400px) 100vw, 400px\" \/><\/figure>\n<\/div><\/div>\n\n\n\n<div class=\"wp-block-column is-layout-flow wp-block-column-is-layout-flow\"><div class=\"wp-block-image\">\n<figure class=\"aligncenter size-full\"><img loading=\"lazy\" decoding=\"async\" width=\"400\" height=\"400\" src=\"https:\/\/indecorseia.pt\/wp-content\/uploads\/2022\/04\/Untitled-3.jpg\" alt=\"\" class=\"wp-image-673\" srcset=\"https:\/\/indecorseia.pt\/wp-content\/uploads\/2022\/04\/Untitled-3.jpg 400w, https:\/\/indecorseia.pt\/wp-content\/uploads\/2022\/04\/Untitled-3-300x300.jpg 300w, https:\/\/indecorseia.pt\/wp-content\/uploads\/2022\/04\/Untitled-3-150x150.jpg 150w\" sizes=\"auto, (max-width: 400px) 100vw, 400px\" \/><\/figure>\n<\/div><\/div>\n\n\n\n<div class=\"wp-block-column is-layout-flow wp-block-column-is-layout-flow\"><div class=\"wp-block-image\">\n<figure class=\"aligncenter size-full\"><img loading=\"lazy\" decoding=\"async\" width=\"400\" height=\"400\" src=\"https:\/\/indecorseia.pt\/wp-content\/uploads\/2022\/04\/Untitled-4.jpg\" alt=\"\" class=\"wp-image-675\" srcset=\"https:\/\/indecorseia.pt\/wp-content\/uploads\/2022\/04\/Untitled-4.jpg 400w, https:\/\/indecorseia.pt\/wp-content\/uploads\/2022\/04\/Untitled-4-300x300.jpg 300w, https:\/\/indecorseia.pt\/wp-content\/uploads\/2022\/04\/Untitled-4-150x150.jpg 150w\" sizes=\"auto, (max-width: 400px) 100vw, 400px\" \/><\/figure>\n<\/div><\/div>\n<\/div>\n\n\n\n<div class=\"wp-block-group\"><div class=\"wp-block-group__inner-container is-layout-flow wp-block-group-is-layout-flow\">\n<div class=\"wp-block-columns is-layout-flex wp-container-core-columns-is-layout-9d6595d7 wp-block-columns-is-layout-flex\">\n<div class=\"wp-block-column is-layout-flow wp-block-column-is-layout-flow\">\n<p class=\"has-text-align-center has-white-color has-text-color\" style=\"font-size:15px;font-style:normal;font-weight:200\">CRISTINA DANIEL<\/p>\n\n\n\n<p class=\"has-text-align-center has-white-color has-text-color has-small-font-size\" style=\"font-size:15px;font-style:normal;font-weight:200\">GERENTE DA LOJA<br>DIRETORA GREAL<\/p>\n\n\n\n<p class=\"has-text-align-center has-white-color has-text-color has-small-font-size\" style=\"font-size:15px;font-style:normal;font-weight:200\">&#8221; A m\u00e3o do sucesso profissional tem 5 dedos: Caracter, Voca\u00e7\u00e3o, Talento, Esfor\u00e7o e disciplina&#8221;<\/p>\n<\/div>\n\n\n\n<div class=\"wp-block-column is-layout-flow wp-block-column-is-layout-flow\">\n<p class=\"has-text-align-center has-white-color has-text-color\" style=\"font-size:15px;font-style:normal;font-weight:200\">ANT\u00d3NIO DANIEL<\/p>\n\n\n\n<p class=\"has-text-align-center has-white-color has-text-color\" style=\"font-size:15px;font-style:normal;font-weight:200\">RESPONS\u00c1VEL DE VENDAS<br>DECORADOR<br>&#8220;Cada sonho que deixa para tr\u00e1s, \u00e9 um peda\u00e7o do futuro que deixa de existir&#8221;<\/p>\n<\/div>\n\n\n\n<div class=\"wp-block-column is-layout-flow wp-block-column-is-layout-flow\">\n<h1 class=\"has-text-align-center has-white-color has-text-color wp-block-heading\" style=\"font-size:15px;font-style:normal;font-weight:200\">SAMUEL SILVA<\/h1>\n\n\n\n<h1 class=\"has-text-align-center has-white-color has-text-color wp-block-heading\" style=\"font-size:15px;font-style:normal;font-weight:200\">T\u00c9CINCO DE MONTAGEM<br>&#8220;O sucesso \u00e9 o maior resultado do nosso trabalho&#8221;<\/h1>\n<\/div>\n<\/div>\n<\/div><\/div>\n<\/div><\/div>\n\n\n\n<div class=\"wp-block-buttons is-layout-flex wp-block-buttons-is-layout-flex\">\n<div class=\"wp-block-button is-style-outline is-style-outline--1\"><a class=\"wp-block-button__link\" href=\"https:\/\/indecorseia.pt\">Voltar<\/a><\/div>\n<\/div>\n","protected":false},"excerpt":{"rendered":"<p>A NOSSA HIST\u00d3RIA Indecor surgiu em 2006 sendo uma empresa dedicada \u00e0 decora\u00e7\u00e3o de interiores e exteriores, com o objetivo de satisfazer todos os clientes. Desde do ano de 1986 que somos especializados em decora\u00e7\u00e3o de interiores e exteriores. Somos uma equipa se mant\u00e9m unida e dedicada para efetuar todas as ideias que surgem no &hellip; <\/p>\n<p class=\"link-more\"><a href=\"https:\/\/indecorseia.pt\/?page_id=7\" class=\"more-link\">Continuar a ler <span class=\"screen-reader-text\">&#8220;SOBRE N\u00d3S&#8221;<\/span><\/a><\/p>\n","protected":false},"author":4,"featured_media":0,"parent":0,"menu_order":0,"comment_status":"closed","ping_status":"closed","template":"","meta":{"ngg_post_thumbnail":0,"footnotes":""},"class_list":["post-7","page","type-page","status-publish","hentry"],"_links":{"self":[{"href":"https:\/\/indecorseia.pt\/index.php?rest_route=\/wp\/v2\/pages\/7","targetHints":{"allow":["GET"]}}],"collection":[{"href":"https:\/\/indecorseia.pt\/index.php?rest_route=\/wp\/v2\/pages"}],"about":[{"href":"https:\/\/indecorseia.pt\/index.php?rest_route=\/wp\/v2\/types\/page"}],"author":[{"embeddable":true,"href":"https:\/\/indecorseia.pt\/index.php?rest_route=\/wp\/v2\/users\/4"}],"replies":[{"embeddable":true,"href":"https:\/\/indecorseia.pt\/index.php?rest_route=%2Fwp%2Fv2%2Fcomments&post=7"}],"version-history":[{"count":42,"href":"https:\/\/indecorseia.pt\/index.php?rest_route=\/wp\/v2\/pages\/7\/revisions"}],"predecessor-version":[{"id":2737,"href":"https:\/\/indecorseia.pt\/index.php?rest_route=\/wp\/v2\/pages\/7\/revisions\/2737"}],"wp:attachment":[{"href":"https:\/\/indecorseia.pt\/index.php?rest_route=%2Fwp%2Fv2%2Fmedia&parent=7"}],"curies":[{"name":"wp","href":"https:\/\/api.w.org\/{rel}","templated":true}]}}